{"id":262516,"date":"2025-03-06T09:44:22","date_gmt":"2025-03-06T08:44:22","guid":{"rendered":"https:\/\/casanatense.cultura.gov.it\/?post_type=tribe_events&#038;p=262516"},"modified":"2025-03-06T09:44:23","modified_gmt":"2025-03-06T08:44:23","slug":"tardes-musicales-casanatenses-concierto-de-violin-y-piano","status":"publish","type":"tribe_events","link":"https:\/\/casanatense.cultura.gov.it\/es\/evento\/tardes-musicales-casanatenses-concierto-de-violin-y-piano\/","title":{"rendered":"TARDES MUSICALES CASANATENSES &#8211; CONCIERTO DE VIOL\u00cdN Y PIANO"},"content":{"rendered":"<p>Vuelven los Pomeriggi Musicali in Casanatense, organizados por la Associazione Musicale Presto con Fuoco. El martes 18 de marzo a partir de las 16:15 h, Catherine L. Geach (viol\u00edn) y Marco D&#8217;ottavio (piano) interpretar\u00e1n piezas y m\u00fasica de Chaikovski, J.S. Bach, Franck y Beethoven. Entrada gratuita hasta completar aforo.<\/p>\n","protected":false},"excerpt":{"rendered":"<p>Vuelven los Pomeriggi Musicali in Casanatense, organizados por la Associazione Musicale Presto con Fuoco. El martes 18 de marzo a partir de las 16:15 h, Catherine L. Geach (viol\u00edn) y [&hellip;]<\/p>\n","protected":false},"author":163,"featured_media":262514,"template":"","meta":{"_et_pb_use_builder":"","_et_pb_old_content":"","_et_gb_content_width":"","_price":"","_stock":"","_tribe_ticket_header":"","_tribe_default_ticket_provider":"","_tribe_ticket_capacity":"0","_ticket_start_date":"","_ticket_end_date":"","_tribe_ticket_show_description":"","_tribe_ticket_show_not_going":false,"_tribe_ticket_use_global_stock":"","_tribe_ticket_global_stock_level":"","_global_stock_mode":"","_global_stock_cap":"","_tribe_rsvp_for_event":"","_tribe_ticket_going_count":"","_tribe_ticket_not_going_count":"","_tribe_tickets_list":"[]","_tribe_ticket_has_attendee_info_fields":false,"_tribe_events_status":"","_tribe_events_status_reason":"","footnotes":"","_tec_slr_enabled":"","_tec_slr_layout":""},"tags":[],"tribe_events_cat":[164],"class_list":["post-262516","tribe_events","type-tribe_events","status-publish","has-post-thumbnail","hentry","tribe_events_cat-evento-publico","cat_evento-publico"],"yoast_head":"<!-- This site is optimized with the Yoast SEO plugin v27.4 - https:\/\/yoast.com\/product\/yoast-seo-wordpress\/ -->\n<title>TARDES MUSICALES CASANATENSES - CONCIERTO DE VIOL\u00cdN Y PIANO - Casanatense<\/title>\n<meta name=\"robots\" content=\"index, follow, max-snippet:-1, max-image-preview:large, max-video-preview:-1\" \/>\n<link rel=\"canonical\" href=\"https:\/\/casanatense.cultura.gov.it\/es\/evento\/tardes-musicales-casanatenses-concierto-de-violin-y-piano\/\" \/>\n<meta property=\"og:locale\" content=\"es_ES\" \/>\n<meta property=\"og:type\" content=\"article\" \/>\n<meta property=\"og:title\" content=\"TARDES MUSICALES CASANATENSES - CONCIERTO DE VIOL\u00cdN Y PIANO - Casanatense\" \/>\n<meta property=\"og:description\" content=\"Vuelven los Pomeriggi Musicali in Casanatense, organizados por la Associazione Musicale Presto con Fuoco. El martes 18 de marzo a partir de las 16:15 h, Catherine L. Geach (viol\u00edn) y [&hellip;]\" \/>\n<meta property=\"og:url\" content=\"https:\/\/casanatense.cultura.gov.it\/es\/evento\/tardes-musicales-casanatenses-concierto-de-violin-y-piano\/\" \/>\n<meta property=\"og:site_name\" content=\"Casanatense\" \/>\n<meta property=\"article:publisher\" content=\"https:\/\/it-it.facebook.com\/people\/Biblioteca-Casanatense\/100064405343454\/\" \/>\n<meta property=\"article:modified_time\" content=\"2025-03-06T08:44:23+00:00\" \/>\n<meta property=\"og:image\" content=\"https:\/\/casanatense.cultura.gov.it\/wp-content\/uploads\/2025\/03\/Invito-Violino-e-Pianoforte_page-0001-1.jpg\" \/>\n\t<meta property=\"og:image:width\" content=\"885\" \/>\n\t<meta property=\"og:image:height\" content=\"590\" \/>\n\t<meta property=\"og:image:type\" content=\"image\/jpeg\" \/>\n<meta name=\"twitter:card\" content=\"summary_large_image\" \/>\n<meta name=\"twitter:site\" content=\"@casanatense\" \/>\n<meta name=\"twitter:label1\" content=\"Tiempo de lectura\" \/>\n\t<meta name=\"twitter:data1\" content=\"1 minuto\" \/>\n<script type=\"application\/ld+json\" class=\"yoast-schema-graph\">{\"@context\":\"https:\\\/\\\/schema.org\",\"@graph\":[{\"@type\":\"WebPage\",\"@id\":\"https:\\\/\\\/casanatense.cultura.gov.it\\\/es\\\/evento\\\/tardes-musicales-casanatenses-concierto-de-violin-y-piano\\\/\",\"url\":\"https:\\\/\\\/casanatense.cultura.gov.it\\\/es\\\/evento\\\/tardes-musicales-casanatenses-concierto-de-violin-y-piano\\\/\",\"name\":\"TARDES MUSICALES CASANATENSES - CONCIERTO DE VIOL\u00cdN Y PIANO - Casanatense\",\"isPartOf\":{\"@id\":\"https:\\\/\\\/casanatense.cultura.gov.it\\\/es\\\/#website\"},\"primaryImageOfPage\":{\"@id\":\"https:\\\/\\\/casanatense.cultura.gov.it\\\/es\\\/evento\\\/tardes-musicales-casanatenses-concierto-de-violin-y-piano\\\/#primaryimage\"},\"image\":{\"@id\":\"https:\\\/\\\/casanatense.cultura.gov.it\\\/es\\\/evento\\\/tardes-musicales-casanatenses-concierto-de-violin-y-piano\\\/#primaryimage\"},\"thumbnailUrl\":\"https:\\\/\\\/casanatense.cultura.gov.it\\\/wp-content\\\/uploads\\\/2025\\\/03\\\/Invito-Violino-e-Pianoforte_page-0001-1.jpg\",\"datePublished\":\"2025-03-06T08:44:22+00:00\",\"dateModified\":\"2025-03-06T08:44:23+00:00\",\"breadcrumb\":{\"@id\":\"https:\\\/\\\/casanatense.cultura.gov.it\\\/es\\\/evento\\\/tardes-musicales-casanatenses-concierto-de-violin-y-piano\\\/#breadcrumb\"},\"inLanguage\":\"es\",\"potentialAction\":[{\"@type\":\"ReadAction\",\"target\":[\"https:\\\/\\\/casanatense.cultura.gov.it\\\/es\\\/evento\\\/tardes-musicales-casanatenses-concierto-de-violin-y-piano\\\/\"]}]},{\"@type\":\"ImageObject\",\"inLanguage\":\"es\",\"@id\":\"https:\\\/\\\/casanatense.cultura.gov.it\\\/es\\\/evento\\\/tardes-musicales-casanatenses-concierto-de-violin-y-piano\\\/#primaryimage\",\"url\":\"https:\\\/\\\/casanatense.cultura.gov.it\\\/wp-content\\\/uploads\\\/2025\\\/03\\\/Invito-Violino-e-Pianoforte_page-0001-1.jpg\",\"contentUrl\":\"https:\\\/\\\/casanatense.cultura.gov.it\\\/wp-content\\\/uploads\\\/2025\\\/03\\\/Invito-Violino-e-Pianoforte_page-0001-1.jpg\",\"width\":885,\"height\":590},{\"@type\":\"BreadcrumbList\",\"@id\":\"https:\\\/\\\/casanatense.cultura.gov.it\\\/es\\\/evento\\\/tardes-musicales-casanatenses-concierto-de-violin-y-piano\\\/#breadcrumb\",\"itemListElement\":[{\"@type\":\"ListItem\",\"position\":1,\"name\":\"Home\",\"item\":\"https:\\\/\\\/casanatense.cultura.gov.it\\\/es\\\/\"},{\"@type\":\"ListItem\",\"position\":2,\"name\":\"Eventos\",\"item\":\"https:\\\/\\\/casanatense.cultura.gov.it\\\/es\\\/eventi\\\/\"},{\"@type\":\"ListItem\",\"position\":3,\"name\":\"TARDES MUSICALES CASANATENSES &#8211; CONCIERTO DE VIOL\u00cdN Y PIANO\"}]},{\"@type\":\"WebSite\",\"@id\":\"https:\\\/\\\/casanatense.cultura.gov.it\\\/es\\\/#website\",\"url\":\"https:\\\/\\\/casanatense.cultura.gov.it\\\/es\\\/\",\"name\":\"Casanatense\",\"description\":\"Il sito della Biblioteca Casanatense\",\"publisher\":{\"@id\":\"https:\\\/\\\/casanatense.cultura.gov.it\\\/es\\\/#organization\"},\"potentialAction\":[{\"@type\":\"SearchAction\",\"target\":{\"@type\":\"EntryPoint\",\"urlTemplate\":\"https:\\\/\\\/casanatense.cultura.gov.it\\\/es\\\/?s={search_term_string}\"},\"query-input\":{\"@type\":\"PropertyValueSpecification\",\"valueRequired\":true,\"valueName\":\"search_term_string\"}}],\"inLanguage\":\"es\"},{\"@type\":\"Organization\",\"@id\":\"https:\\\/\\\/casanatense.cultura.gov.it\\\/es\\\/#organization\",\"name\":\"Biblioteca Casanatense\",\"url\":\"https:\\\/\\\/casanatense.cultura.gov.it\\\/es\\\/\",\"logo\":{\"@type\":\"ImageObject\",\"inLanguage\":\"es\",\"@id\":\"https:\\\/\\\/casanatense.cultura.gov.it\\\/es\\\/#\\\/schema\\\/logo\\\/image\\\/\",\"url\":\"https:\\\/\\\/casanatense.cultura.gov.it\\\/wp-content\\\/uploads\\\/2024\\\/03\\\/logo-casanatense-mibact.png\",\"contentUrl\":\"https:\\\/\\\/casanatense.cultura.gov.it\\\/wp-content\\\/uploads\\\/2024\\\/03\\\/logo-casanatense-mibact.png\",\"width\":250,\"height\":61,\"caption\":\"Biblioteca Casanatense\"},\"image\":{\"@id\":\"https:\\\/\\\/casanatense.cultura.gov.it\\\/es\\\/#\\\/schema\\\/logo\\\/image\\\/\"},\"sameAs\":[\"https:\\\/\\\/it-it.facebook.com\\\/people\\\/Biblioteca-Casanatense\\\/100064405343454\\\/\",\"https:\\\/\\\/x.com\\\/casanatense\",\"https:\\\/\\\/instagram.com\\\/bibliotecacasanatense?igshid=5hcnozoyuuy5\"]}]}<\/script>\n<!-- \/ Yoast SEO plugin. -->","yoast_head_json":{"title":"TARDES MUSICALES CASANATENSES - CONCIERTO DE VIOL\u00cdN Y PIANO - Casanatense","robots":{"index":"index","follow":"follow","max-snippet":"max-snippet:-1","max-image-preview":"max-image-preview:large","max-video-preview":"max-video-preview:-1"},"canonical":"https:\/\/casanatense.cultura.gov.it\/es\/evento\/tardes-musicales-casanatenses-concierto-de-violin-y-piano\/","og_locale":"es_ES","og_type":"article","og_title":"TARDES MUSICALES CASANATENSES - CONCIERTO DE VIOL\u00cdN Y PIANO - Casanatense","og_description":"Vuelven los Pomeriggi Musicali in Casanatense, organizados por la Associazione Musicale Presto con Fuoco. El martes 18 de marzo a partir de las 16:15 h, Catherine L. Geach (viol\u00edn) y [&hellip;]","og_url":"https:\/\/casanatense.cultura.gov.it\/es\/evento\/tardes-musicales-casanatenses-concierto-de-violin-y-piano\/","og_site_name":"Casanatense","article_publisher":"https:\/\/it-it.facebook.com\/people\/Biblioteca-Casanatense\/100064405343454\/","article_modified_time":"2025-03-06T08:44:23+00:00","og_image":[{"width":885,"height":590,"url":"https:\/\/casanatense.cultura.gov.it\/wp-content\/uploads\/2025\/03\/Invito-Violino-e-Pianoforte_page-0001-1.jpg","type":"image\/jpeg"}],"twitter_card":"summary_large_image","twitter_site":"@casanatense","twitter_misc":{"Tiempo de lectura":"1 minuto"},"schema":{"@context":"https:\/\/schema.org","@graph":[{"@type":"WebPage","@id":"https:\/\/casanatense.cultura.gov.it\/es\/evento\/tardes-musicales-casanatenses-concierto-de-violin-y-piano\/","url":"https:\/\/casanatense.cultura.gov.it\/es\/evento\/tardes-musicales-casanatenses-concierto-de-violin-y-piano\/","name":"TARDES MUSICALES CASANATENSES - CONCIERTO DE VIOL\u00cdN Y PIANO - Casanatense","isPartOf":{"@id":"https:\/\/casanatense.cultura.gov.it\/es\/#website"},"primaryImageOfPage":{"@id":"https:\/\/casanatense.cultura.gov.it\/es\/evento\/tardes-musicales-casanatenses-concierto-de-violin-y-piano\/#primaryimage"},"image":{"@id":"https:\/\/casanatense.cultura.gov.it\/es\/evento\/tardes-musicales-casanatenses-concierto-de-violin-y-piano\/#primaryimage"},"thumbnailUrl":"https:\/\/casanatense.cultura.gov.it\/wp-content\/uploads\/2025\/03\/Invito-Violino-e-Pianoforte_page-0001-1.jpg","datePublished":"2025-03-06T08:44:22+00:00","dateModified":"2025-03-06T08:44:23+00:00","breadcrumb":{"@id":"https:\/\/casanatense.cultura.gov.it\/es\/evento\/tardes-musicales-casanatenses-concierto-de-violin-y-piano\/#breadcrumb"},"inLanguage":"es","potentialAction":[{"@type":"ReadAction","target":["https:\/\/casanatense.cultura.gov.it\/es\/evento\/tardes-musicales-casanatenses-concierto-de-violin-y-piano\/"]}]},{"@type":"ImageObject","inLanguage":"es","@id":"https:\/\/casanatense.cultura.gov.it\/es\/evento\/tardes-musicales-casanatenses-concierto-de-violin-y-piano\/#primaryimage","url":"https:\/\/casanatense.cultura.gov.it\/wp-content\/uploads\/2025\/03\/Invito-Violino-e-Pianoforte_page-0001-1.jpg","contentUrl":"https:\/\/casanatense.cultura.gov.it\/wp-content\/uploads\/2025\/03\/Invito-Violino-e-Pianoforte_page-0001-1.jpg","width":885,"height":590},{"@type":"BreadcrumbList","@id":"https:\/\/casanatense.cultura.gov.it\/es\/evento\/tardes-musicales-casanatenses-concierto-de-violin-y-piano\/#breadcrumb","itemListElement":[{"@type":"ListItem","position":1,"name":"Home","item":"https:\/\/casanatense.cultura.gov.it\/es\/"},{"@type":"ListItem","position":2,"name":"Eventos","item":"https:\/\/casanatense.cultura.gov.it\/es\/eventi\/"},{"@type":"ListItem","position":3,"name":"TARDES MUSICALES CASANATENSES &#8211; CONCIERTO DE VIOL\u00cdN Y PIANO"}]},{"@type":"WebSite","@id":"https:\/\/casanatense.cultura.gov.it\/es\/#website","url":"https:\/\/casanatense.cultura.gov.it\/es\/","name":"Casanatense","description":"Il sito della Biblioteca Casanatense","publisher":{"@id":"https:\/\/casanatense.cultura.gov.it\/es\/#organization"},"potentialAction":[{"@type":"SearchAction","target":{"@type":"EntryPoint","urlTemplate":"https:\/\/casanatense.cultura.gov.it\/es\/?s={search_term_string}"},"query-input":{"@type":"PropertyValueSpecification","valueRequired":true,"valueName":"search_term_string"}}],"inLanguage":"es"},{"@type":"Organization","@id":"https:\/\/casanatense.cultura.gov.it\/es\/#organization","name":"Biblioteca Casanatense","url":"https:\/\/casanatense.cultura.gov.it\/es\/","logo":{"@type":"ImageObject","inLanguage":"es","@id":"https:\/\/casanatense.cultura.gov.it\/es\/#\/schema\/logo\/image\/","url":"https:\/\/casanatense.cultura.gov.it\/wp-content\/uploads\/2024\/03\/logo-casanatense-mibact.png","contentUrl":"https:\/\/casanatense.cultura.gov.it\/wp-content\/uploads\/2024\/03\/logo-casanatense-mibact.png","width":250,"height":61,"caption":"Biblioteca Casanatense"},"image":{"@id":"https:\/\/casanatense.cultura.gov.it\/es\/#\/schema\/logo\/image\/"},"sameAs":["https:\/\/it-it.facebook.com\/people\/Biblioteca-Casanatense\/100064405343454\/","https:\/\/x.com\/casanatense","https:\/\/instagram.com\/bibliotecacasanatense?igshid=5hcnozoyuuy5"]}]}},"ticketed":false,"_links":{"self":[{"href":"https:\/\/casanatense.cultura.gov.it\/es\/wp-json\/wp\/v2\/tribe_events\/262516","targetHints":{"allow":["GET"]}}],"collection":[{"href":"https:\/\/casanatense.cultura.gov.it\/es\/wp-json\/wp\/v2\/tribe_events"}],"about":[{"href":"https:\/\/casanatense.cultura.gov.it\/es\/wp-json\/wp\/v2\/types\/tribe_events"}],"author":[{"embeddable":true,"href":"https:\/\/casanatense.cultura.gov.it\/es\/wp-json\/wp\/v2\/users\/163"}],"version-history":[{"count":2,"href":"https:\/\/casanatense.cultura.gov.it\/es\/wp-json\/wp\/v2\/tribe_events\/262516\/revisions"}],"predecessor-version":[{"id":262524,"href":"https:\/\/casanatense.cultura.gov.it\/es\/wp-json\/wp\/v2\/tribe_events\/262516\/revisions\/262524"}],"wp:featuredmedia":[{"embeddable":true,"href":"https:\/\/casanatense.cultura.gov.it\/es\/wp-json\/wp\/v2\/media\/262514"}],"wp:attachment":[{"href":"https:\/\/casanatense.cultura.gov.it\/es\/wp-json\/wp\/v2\/media?parent=262516"}],"wp:term":[{"taxonomy":"post_tag","embeddable":true,"href":"https:\/\/casanatense.cultura.gov.it\/es\/wp-json\/wp\/v2\/tags?post=262516"},{"taxonomy":"tribe_events_cat","embeddable":true,"href":"https:\/\/casanatense.cultura.gov.it\/es\/wp-json\/wp\/v2\/tribe_events_cat?post=262516"}],"curies":[{"name":"wp","href":"https:\/\/api.w.org\/{rel}","templated":true}]}}