{"id":262828,"date":"2025-05-15T18:13:44","date_gmt":"2025-05-15T16:13:44","guid":{"rendered":"https:\/\/casanatense.cultura.gov.it\/?post_type=tribe_events&#038;p=262828"},"modified":"2025-05-20T13:10:04","modified_gmt":"2025-05-20T11:10:04","slug":"violines-a-duo-musica-para-dos-violines-concierto-de-los-alumnos-de-la-escuela-superior-de-musica-la-farnesina","status":"publish","type":"tribe_events","link":"https:\/\/casanatense.cultura.gov.it\/es\/evento\/violines-a-duo-musica-para-dos-violines-concierto-de-los-alumnos-de-la-escuela-superior-de-musica-la-farnesina\/","title":{"rendered":"VIOLINES A D\u00daO &#8211; M\u00daSICA PARA DOS VIOLINES &#8211; CONCIERTO DE LOS ALUMNOS DE LA ESCUELA SUPERIOR DE M\u00daSICA \u00abFARNESINA\u00bb"},"content":{"rendered":"<p>Concierto de la profesora Valeria Profeta Romano y los alumnos de la clase de viol\u00edn del Liceo Musical \u00abFarnesina\u00bb, con la colaboraci\u00f3n del Maestro Paolo Giuseppe Oreglia y el patrocinio del Conservatorio Santa Cecilia; 22 de mayo, 16.00 h; entrada libre hasta completar el aforo.<\/p>\n<p>Los d\u00faos para dos violines fueron compuestos tanto con fines did\u00e1cticos como de concierto. Adem\u00e1s, existen numerosos m\u00e9todos de viol\u00edn en los que el maestro toca junto al alumno con estudios en forma de d\u00fao. La particularidad de esta iniciativa es tambi\u00e9n la participaci\u00f3n de algunos de los principales actores de la llamada \u00abindustria musical\u00bb. As\u00ed, tambi\u00e9n ser\u00e1n protagonistas los mejores alumnos de la clase de viol\u00edn de la profesora Valeria Profeta Romano, profesora de la escuela superior de m\u00fasica \u201cFarnesina\u201d. Entre las composiciones interpretadas, se har\u00e1 especial hincapi\u00e9 en la figura del maestro Luciano Berio, con motivo del centenario de su nacimiento.<\/p>\n","protected":false},"excerpt":{"rendered":"<p>Concierto de la profesora Valeria Profeta Romano y los alumnos de la clase de viol\u00edn del Liceo Musical \u00abFarnesina\u00bb, con la colaboraci\u00f3n del Maestro Paolo Giuseppe Oreglia y el patrocinio [&hellip;]<\/p>\n","protected":false},"author":163,"featured_media":262841,"template":"","meta":{"_et_pb_use_builder":"","_et_pb_old_content":"","_et_gb_content_width":"","_price":"","_stock":"","_tribe_ticket_header":"","_tribe_default_ticket_provider":"","_tribe_ticket_capacity":"0","_ticket_start_date":"","_ticket_end_date":"","_tribe_ticket_show_description":"","_tribe_ticket_show_not_going":false,"_tribe_ticket_use_global_stock":"","_tribe_ticket_global_stock_level":"","_global_stock_mode":"","_global_stock_cap":"","_tribe_rsvp_for_event":"","_tribe_ticket_going_count":"","_tribe_ticket_not_going_count":"","_tribe_tickets_list":"[]","_tribe_ticket_has_attendee_info_fields":false,"_tribe_events_status":"","_tribe_events_status_reason":"","footnotes":"","_tec_slr_enabled":"","_tec_slr_layout":""},"tags":[],"tribe_events_cat":[164],"class_list":["post-262828","tribe_events","type-tribe_events","status-publish","has-post-thumbnail","hentry","tribe_events_cat-evento-publico","cat_evento-publico"],"yoast_head":"<!-- This site is optimized with the Yoast SEO plugin v27.4 - https:\/\/yoast.com\/product\/yoast-seo-wordpress\/ -->\n<title>VIOLINES A D\u00daO - M\u00daSICA PARA DOS VIOLINES - CONCIERTO DE LOS ALUMNOS DE LA ESCUELA SUPERIOR DE M\u00daSICA &quot;FARNESINA&quot; - Casanatense<\/title>\n<meta name=\"robots\" content=\"index, follow, max-snippet:-1, max-image-preview:large, max-video-preview:-1\" \/>\n<link rel=\"canonical\" href=\"https:\/\/casanatense.cultura.gov.it\/es\/evento\/violines-a-duo-musica-para-dos-violines-concierto-de-los-alumnos-de-la-escuela-superior-de-musica-la-farnesina\/\" \/>\n<meta property=\"og:locale\" content=\"es_ES\" \/>\n<meta property=\"og:type\" content=\"article\" \/>\n<meta property=\"og:title\" content=\"VIOLINES A D\u00daO - M\u00daSICA PARA DOS VIOLINES - CONCIERTO DE LOS ALUMNOS DE LA ESCUELA SUPERIOR DE M\u00daSICA &quot;FARNESINA&quot; - Casanatense\" \/>\n<meta property=\"og:description\" content=\"Concierto de la profesora Valeria Profeta Romano y los alumnos de la clase de viol\u00edn del Liceo Musical \u00abFarnesina\u00bb, con la colaboraci\u00f3n del Maestro Paolo Giuseppe Oreglia y el patrocinio [&hellip;]\" \/>\n<meta property=\"og:url\" content=\"https:\/\/casanatense.cultura.gov.it\/es\/evento\/violines-a-duo-musica-para-dos-violines-concierto-de-los-alumnos-de-la-escuela-superior-de-musica-la-farnesina\/\" \/>\n<meta property=\"og:site_name\" content=\"Casanatense\" \/>\n<meta property=\"article:publisher\" content=\"https:\/\/it-it.facebook.com\/people\/Biblioteca-Casanatense\/100064405343454\/\" \/>\n<meta property=\"article:modified_time\" content=\"2025-05-20T11:10:04+00:00\" \/>\n<meta property=\"og:image\" content=\"https:\/\/casanatense.cultura.gov.it\/wp-content\/uploads\/2025\/05\/PHOTO-2025-05-15-10-32-26.jpg\" \/>\n\t<meta property=\"og:image:width\" content=\"1600\" \/>\n\t<meta property=\"og:image:height\" content=\"1132\" \/>\n\t<meta property=\"og:image:type\" content=\"image\/jpeg\" \/>\n<meta name=\"twitter:card\" content=\"summary_large_image\" \/>\n<meta name=\"twitter:site\" content=\"@casanatense\" \/>\n<meta name=\"twitter:label1\" content=\"Tiempo de lectura\" \/>\n\t<meta name=\"twitter:data1\" content=\"1 minuto\" \/>\n<script type=\"application\/ld+json\" class=\"yoast-schema-graph\">{\"@context\":\"https:\\\/\\\/schema.org\",\"@graph\":[{\"@type\":\"WebPage\",\"@id\":\"https:\\\/\\\/casanatense.cultura.gov.it\\\/es\\\/evento\\\/violines-a-duo-musica-para-dos-violines-concierto-de-los-alumnos-de-la-escuela-superior-de-musica-la-farnesina\\\/\",\"url\":\"https:\\\/\\\/casanatense.cultura.gov.it\\\/es\\\/evento\\\/violines-a-duo-musica-para-dos-violines-concierto-de-los-alumnos-de-la-escuela-superior-de-musica-la-farnesina\\\/\",\"name\":\"VIOLINES A D\u00daO - M\u00daSICA PARA DOS VIOLINES - CONCIERTO DE LOS ALUMNOS DE LA ESCUELA SUPERIOR DE M\u00daSICA \\\"FARNESINA\\\" - Casanatense\",\"isPartOf\":{\"@id\":\"https:\\\/\\\/casanatense.cultura.gov.it\\\/es\\\/#website\"},\"primaryImageOfPage\":{\"@id\":\"https:\\\/\\\/casanatense.cultura.gov.it\\\/es\\\/evento\\\/violines-a-duo-musica-para-dos-violines-concierto-de-los-alumnos-de-la-escuela-superior-de-musica-la-farnesina\\\/#primaryimage\"},\"image\":{\"@id\":\"https:\\\/\\\/casanatense.cultura.gov.it\\\/es\\\/evento\\\/violines-a-duo-musica-para-dos-violines-concierto-de-los-alumnos-de-la-escuela-superior-de-musica-la-farnesina\\\/#primaryimage\"},\"thumbnailUrl\":\"https:\\\/\\\/casanatense.cultura.gov.it\\\/wp-content\\\/uploads\\\/2025\\\/05\\\/PHOTO-2025-05-15-10-32-26.jpg\",\"datePublished\":\"2025-05-15T16:13:44+00:00\",\"dateModified\":\"2025-05-20T11:10:04+00:00\",\"breadcrumb\":{\"@id\":\"https:\\\/\\\/casanatense.cultura.gov.it\\\/es\\\/evento\\\/violines-a-duo-musica-para-dos-violines-concierto-de-los-alumnos-de-la-escuela-superior-de-musica-la-farnesina\\\/#breadcrumb\"},\"inLanguage\":\"es\",\"potentialAction\":[{\"@type\":\"ReadAction\",\"target\":[\"https:\\\/\\\/casanatense.cultura.gov.it\\\/es\\\/evento\\\/violines-a-duo-musica-para-dos-violines-concierto-de-los-alumnos-de-la-escuela-superior-de-musica-la-farnesina\\\/\"]}]},{\"@type\":\"ImageObject\",\"inLanguage\":\"es\",\"@id\":\"https:\\\/\\\/casanatense.cultura.gov.it\\\/es\\\/evento\\\/violines-a-duo-musica-para-dos-violines-concierto-de-los-alumnos-de-la-escuela-superior-de-musica-la-farnesina\\\/#primaryimage\",\"url\":\"https:\\\/\\\/casanatense.cultura.gov.it\\\/wp-content\\\/uploads\\\/2025\\\/05\\\/PHOTO-2025-05-15-10-32-26.jpg\",\"contentUrl\":\"https:\\\/\\\/casanatense.cultura.gov.it\\\/wp-content\\\/uploads\\\/2025\\\/05\\\/PHOTO-2025-05-15-10-32-26.jpg\",\"width\":1600,\"height\":1132},{\"@type\":\"BreadcrumbList\",\"@id\":\"https:\\\/\\\/casanatense.cultura.gov.it\\\/es\\\/evento\\\/violines-a-duo-musica-para-dos-violines-concierto-de-los-alumnos-de-la-escuela-superior-de-musica-la-farnesina\\\/#breadcrumb\",\"itemListElement\":[{\"@type\":\"ListItem\",\"position\":1,\"name\":\"Home\",\"item\":\"https:\\\/\\\/casanatense.cultura.gov.it\\\/es\\\/\"},{\"@type\":\"ListItem\",\"position\":2,\"name\":\"Eventos\",\"item\":\"https:\\\/\\\/casanatense.cultura.gov.it\\\/es\\\/eventi\\\/\"},{\"@type\":\"ListItem\",\"position\":3,\"name\":\"VIOLINES A D\u00daO &#8211; M\u00daSICA PARA DOS VIOLINES &#8211; CONCIERTO DE LOS ALUMNOS DE LA ESCUELA SUPERIOR DE M\u00daSICA &#8220;FARNESINA&#8221;\"}]},{\"@type\":\"WebSite\",\"@id\":\"https:\\\/\\\/casanatense.cultura.gov.it\\\/es\\\/#website\",\"url\":\"https:\\\/\\\/casanatense.cultura.gov.it\\\/es\\\/\",\"name\":\"Casanatense\",\"description\":\"Il sito della Biblioteca Casanatense\",\"publisher\":{\"@id\":\"https:\\\/\\\/casanatense.cultura.gov.it\\\/es\\\/#organization\"},\"potentialAction\":[{\"@type\":\"SearchAction\",\"target\":{\"@type\":\"EntryPoint\",\"urlTemplate\":\"https:\\\/\\\/casanatense.cultura.gov.it\\\/es\\\/?s={search_term_string}\"},\"query-input\":{\"@type\":\"PropertyValueSpecification\",\"valueRequired\":true,\"valueName\":\"search_term_string\"}}],\"inLanguage\":\"es\"},{\"@type\":\"Organization\",\"@id\":\"https:\\\/\\\/casanatense.cultura.gov.it\\\/es\\\/#organization\",\"name\":\"Biblioteca Casanatense\",\"url\":\"https:\\\/\\\/casanatense.cultura.gov.it\\\/es\\\/\",\"logo\":{\"@type\":\"ImageObject\",\"inLanguage\":\"es\",\"@id\":\"https:\\\/\\\/casanatense.cultura.gov.it\\\/es\\\/#\\\/schema\\\/logo\\\/image\\\/\",\"url\":\"https:\\\/\\\/casanatense.cultura.gov.it\\\/wp-content\\\/uploads\\\/2024\\\/03\\\/logo-casanatense-mibact.png\",\"contentUrl\":\"https:\\\/\\\/casanatense.cultura.gov.it\\\/wp-content\\\/uploads\\\/2024\\\/03\\\/logo-casanatense-mibact.png\",\"width\":250,\"height\":61,\"caption\":\"Biblioteca Casanatense\"},\"image\":{\"@id\":\"https:\\\/\\\/casanatense.cultura.gov.it\\\/es\\\/#\\\/schema\\\/logo\\\/image\\\/\"},\"sameAs\":[\"https:\\\/\\\/it-it.facebook.com\\\/people\\\/Biblioteca-Casanatense\\\/100064405343454\\\/\",\"https:\\\/\\\/x.com\\\/casanatense\",\"https:\\\/\\\/instagram.com\\\/bibliotecacasanatense?igshid=5hcnozoyuuy5\"]}]}<\/script>\n<!-- \/ Yoast SEO plugin. -->","yoast_head_json":{"title":"VIOLINES A D\u00daO - M\u00daSICA PARA DOS VIOLINES - CONCIERTO DE LOS ALUMNOS DE LA ESCUELA SUPERIOR DE M\u00daSICA \"FARNESINA\" - Casanatense","robots":{"index":"index","follow":"follow","max-snippet":"max-snippet:-1","max-image-preview":"max-image-preview:large","max-video-preview":"max-video-preview:-1"},"canonical":"https:\/\/casanatense.cultura.gov.it\/es\/evento\/violines-a-duo-musica-para-dos-violines-concierto-de-los-alumnos-de-la-escuela-superior-de-musica-la-farnesina\/","og_locale":"es_ES","og_type":"article","og_title":"VIOLINES A D\u00daO - M\u00daSICA PARA DOS VIOLINES - CONCIERTO DE LOS ALUMNOS DE LA ESCUELA SUPERIOR DE M\u00daSICA \"FARNESINA\" - Casanatense","og_description":"Concierto de la profesora Valeria Profeta Romano y los alumnos de la clase de viol\u00edn del Liceo Musical \u00abFarnesina\u00bb, con la colaboraci\u00f3n del Maestro Paolo Giuseppe Oreglia y el patrocinio [&hellip;]","og_url":"https:\/\/casanatense.cultura.gov.it\/es\/evento\/violines-a-duo-musica-para-dos-violines-concierto-de-los-alumnos-de-la-escuela-superior-de-musica-la-farnesina\/","og_site_name":"Casanatense","article_publisher":"https:\/\/it-it.facebook.com\/people\/Biblioteca-Casanatense\/100064405343454\/","article_modified_time":"2025-05-20T11:10:04+00:00","og_image":[{"width":1600,"height":1132,"url":"https:\/\/casanatense.cultura.gov.it\/wp-content\/uploads\/2025\/05\/PHOTO-2025-05-15-10-32-26.jpg","type":"image\/jpeg"}],"twitter_card":"summary_large_image","twitter_site":"@casanatense","twitter_misc":{"Tiempo de lectura":"1 minuto"},"schema":{"@context":"https:\/\/schema.org","@graph":[{"@type":"WebPage","@id":"https:\/\/casanatense.cultura.gov.it\/es\/evento\/violines-a-duo-musica-para-dos-violines-concierto-de-los-alumnos-de-la-escuela-superior-de-musica-la-farnesina\/","url":"https:\/\/casanatense.cultura.gov.it\/es\/evento\/violines-a-duo-musica-para-dos-violines-concierto-de-los-alumnos-de-la-escuela-superior-de-musica-la-farnesina\/","name":"VIOLINES A D\u00daO - M\u00daSICA PARA DOS VIOLINES - CONCIERTO DE LOS ALUMNOS DE LA ESCUELA SUPERIOR DE M\u00daSICA \"FARNESINA\" - Casanatense","isPartOf":{"@id":"https:\/\/casanatense.cultura.gov.it\/es\/#website"},"primaryImageOfPage":{"@id":"https:\/\/casanatense.cultura.gov.it\/es\/evento\/violines-a-duo-musica-para-dos-violines-concierto-de-los-alumnos-de-la-escuela-superior-de-musica-la-farnesina\/#primaryimage"},"image":{"@id":"https:\/\/casanatense.cultura.gov.it\/es\/evento\/violines-a-duo-musica-para-dos-violines-concierto-de-los-alumnos-de-la-escuela-superior-de-musica-la-farnesina\/#primaryimage"},"thumbnailUrl":"https:\/\/casanatense.cultura.gov.it\/wp-content\/uploads\/2025\/05\/PHOTO-2025-05-15-10-32-26.jpg","datePublished":"2025-05-15T16:13:44+00:00","dateModified":"2025-05-20T11:10:04+00:00","breadcrumb":{"@id":"https:\/\/casanatense.cultura.gov.it\/es\/evento\/violines-a-duo-musica-para-dos-violines-concierto-de-los-alumnos-de-la-escuela-superior-de-musica-la-farnesina\/#breadcrumb"},"inLanguage":"es","potentialAction":[{"@type":"ReadAction","target":["https:\/\/casanatense.cultura.gov.it\/es\/evento\/violines-a-duo-musica-para-dos-violines-concierto-de-los-alumnos-de-la-escuela-superior-de-musica-la-farnesina\/"]}]},{"@type":"ImageObject","inLanguage":"es","@id":"https:\/\/casanatense.cultura.gov.it\/es\/evento\/violines-a-duo-musica-para-dos-violines-concierto-de-los-alumnos-de-la-escuela-superior-de-musica-la-farnesina\/#primaryimage","url":"https:\/\/casanatense.cultura.gov.it\/wp-content\/uploads\/2025\/05\/PHOTO-2025-05-15-10-32-26.jpg","contentUrl":"https:\/\/casanatense.cultura.gov.it\/wp-content\/uploads\/2025\/05\/PHOTO-2025-05-15-10-32-26.jpg","width":1600,"height":1132},{"@type":"BreadcrumbList","@id":"https:\/\/casanatense.cultura.gov.it\/es\/evento\/violines-a-duo-musica-para-dos-violines-concierto-de-los-alumnos-de-la-escuela-superior-de-musica-la-farnesina\/#breadcrumb","itemListElement":[{"@type":"ListItem","position":1,"name":"Home","item":"https:\/\/casanatense.cultura.gov.it\/es\/"},{"@type":"ListItem","position":2,"name":"Eventos","item":"https:\/\/casanatense.cultura.gov.it\/es\/eventi\/"},{"@type":"ListItem","position":3,"name":"VIOLINES A D\u00daO &#8211; M\u00daSICA PARA DOS VIOLINES &#8211; CONCIERTO DE LOS ALUMNOS DE LA ESCUELA SUPERIOR DE M\u00daSICA &#8220;FARNESINA&#8221;"}]},{"@type":"WebSite","@id":"https:\/\/casanatense.cultura.gov.it\/es\/#website","url":"https:\/\/casanatense.cultura.gov.it\/es\/","name":"Casanatense","description":"Il sito della Biblioteca Casanatense","publisher":{"@id":"https:\/\/casanatense.cultura.gov.it\/es\/#organization"},"potentialAction":[{"@type":"SearchAction","target":{"@type":"EntryPoint","urlTemplate":"https:\/\/casanatense.cultura.gov.it\/es\/?s={search_term_string}"},"query-input":{"@type":"PropertyValueSpecification","valueRequired":true,"valueName":"search_term_string"}}],"inLanguage":"es"},{"@type":"Organization","@id":"https:\/\/casanatense.cultura.gov.it\/es\/#organization","name":"Biblioteca Casanatense","url":"https:\/\/casanatense.cultura.gov.it\/es\/","logo":{"@type":"ImageObject","inLanguage":"es","@id":"https:\/\/casanatense.cultura.gov.it\/es\/#\/schema\/logo\/image\/","url":"https:\/\/casanatense.cultura.gov.it\/wp-content\/uploads\/2024\/03\/logo-casanatense-mibact.png","contentUrl":"https:\/\/casanatense.cultura.gov.it\/wp-content\/uploads\/2024\/03\/logo-casanatense-mibact.png","width":250,"height":61,"caption":"Biblioteca Casanatense"},"image":{"@id":"https:\/\/casanatense.cultura.gov.it\/es\/#\/schema\/logo\/image\/"},"sameAs":["https:\/\/it-it.facebook.com\/people\/Biblioteca-Casanatense\/100064405343454\/","https:\/\/x.com\/casanatense","https:\/\/instagram.com\/bibliotecacasanatense?igshid=5hcnozoyuuy5"]}]}},"ticketed":false,"_links":{"self":[{"href":"https:\/\/casanatense.cultura.gov.it\/es\/wp-json\/wp\/v2\/tribe_events\/262828","targetHints":{"allow":["GET"]}}],"collection":[{"href":"https:\/\/casanatense.cultura.gov.it\/es\/wp-json\/wp\/v2\/tribe_events"}],"about":[{"href":"https:\/\/casanatense.cultura.gov.it\/es\/wp-json\/wp\/v2\/types\/tribe_events"}],"author":[{"embeddable":true,"href":"https:\/\/casanatense.cultura.gov.it\/es\/wp-json\/wp\/v2\/users\/163"}],"version-history":[{"count":4,"href":"https:\/\/casanatense.cultura.gov.it\/es\/wp-json\/wp\/v2\/tribe_events\/262828\/revisions"}],"predecessor-version":[{"id":262870,"href":"https:\/\/casanatense.cultura.gov.it\/es\/wp-json\/wp\/v2\/tribe_events\/262828\/revisions\/262870"}],"wp:featuredmedia":[{"embeddable":true,"href":"https:\/\/casanatense.cultura.gov.it\/es\/wp-json\/wp\/v2\/media\/262841"}],"wp:attachment":[{"href":"https:\/\/casanatense.cultura.gov.it\/es\/wp-json\/wp\/v2\/media?parent=262828"}],"wp:term":[{"taxonomy":"post_tag","embeddable":true,"href":"https:\/\/casanatense.cultura.gov.it\/es\/wp-json\/wp\/v2\/tags?post=262828"},{"taxonomy":"tribe_events_cat","embeddable":true,"href":"https:\/\/casanatense.cultura.gov.it\/es\/wp-json\/wp\/v2\/tribe_events_cat?post=262828"}],"curies":[{"name":"wp","href":"https:\/\/api.w.org\/{rel}","templated":true}]}}