{"id":263575,"date":"2025-10-02T10:42:24","date_gmt":"2025-10-02T08:42:24","guid":{"rendered":"https:\/\/casanatense.cultura.gov.it\/?post_type=tribe_events&#038;p=263575"},"modified":"2025-10-02T10:42:24","modified_gmt":"2025-10-02T08:42:24","slug":"tardes-musicales-en-casanatense-entre-musica-y-poesia-concierto-para-clarinete-y-arpa","status":"publish","type":"tribe_events","link":"https:\/\/casanatense.cultura.gov.it\/es\/evento\/tardes-musicales-en-casanatense-entre-musica-y-poesia-concierto-para-clarinete-y-arpa\/","title":{"rendered":"TARDES MUSICALES EN CASANATENSE, ENTRE M\u00daSICA Y POES\u00cdA &#8211; CONCIERTO PARA CLARINETE Y ARPA"},"content":{"rendered":"<p>Vuelven las Tardes Musicales en Casanatense, en colaboraci\u00f3n con la asociaci\u00f3n \u00abPresto con fuoco\u00bb;<\/p>\n<p>la primera cita de la temporada 2025\/2026 contar\u00e1 con el concierto del d\u00fao formado por Michele Scipioni (clarinete) y Maria Chiara Fiorucci (arpa), que interpretar\u00e1n piezas de grandes compositores como Rossini, Beethoven, Debussy y Gershwin.<\/p>\n<p>Martes 7 de octubre de 2025, a las 16:15 h; entrada libre con donativo responsable.<\/p>\n<p>Traducci\u00f3n realizada con la versi\u00f3n gratuita del traductor DeepL.com<\/p>\n","protected":false},"excerpt":{"rendered":"<p>Vuelven las Tardes Musicales en Casanatense, en colaboraci\u00f3n con la asociaci\u00f3n \u00abPresto con fuoco\u00bb; la primera cita de la temporada 2025\/2026 contar\u00e1 con el concierto del d\u00fao formado por Michele [&hellip;]<\/p>\n","protected":false},"author":163,"featured_media":263605,"template":"","meta":{"_et_pb_use_builder":"","_et_pb_old_content":"","_et_gb_content_width":"","_price":"","_stock":"","_tribe_ticket_header":"","_tribe_default_ticket_provider":"","_tribe_ticket_capacity":"0","_ticket_start_date":"","_ticket_end_date":"","_tribe_ticket_show_description":"","_tribe_ticket_show_not_going":false,"_tribe_ticket_use_global_stock":"","_tribe_ticket_global_stock_level":"","_global_stock_mode":"","_global_stock_cap":"","_tribe_rsvp_for_event":"","_tribe_ticket_going_count":"","_tribe_ticket_not_going_count":"","_tribe_tickets_list":"[]","_tribe_ticket_has_attendee_info_fields":false,"_tribe_events_status":"","_tribe_events_status_reason":"","footnotes":"","_tec_slr_enabled":"","_tec_slr_layout":""},"tags":[],"tribe_events_cat":[164],"class_list":["post-263575","tribe_events","type-tribe_events","status-publish","has-post-thumbnail","hentry","tribe_events_cat-evento-publico","cat_evento-publico"],"yoast_head":"<!-- This site is optimized with the Yoast SEO plugin v27.4 - https:\/\/yoast.com\/product\/yoast-seo-wordpress\/ -->\n<title>TARDES MUSICALES EN CASANATENSE, ENTRE M\u00daSICA Y POES\u00cdA - CONCIERTO PARA CLARINETE Y ARPA - Casanatense<\/title>\n<meta name=\"robots\" content=\"index, follow, max-snippet:-1, max-image-preview:large, max-video-preview:-1\" \/>\n<link rel=\"canonical\" href=\"https:\/\/casanatense.cultura.gov.it\/es\/evento\/tardes-musicales-en-casanatense-entre-musica-y-poesia-concierto-para-clarinete-y-arpa\/\" \/>\n<meta property=\"og:locale\" content=\"es_ES\" \/>\n<meta property=\"og:type\" content=\"article\" \/>\n<meta property=\"og:title\" content=\"TARDES MUSICALES EN CASANATENSE, ENTRE M\u00daSICA Y POES\u00cdA - CONCIERTO PARA CLARINETE Y ARPA - Casanatense\" \/>\n<meta property=\"og:description\" content=\"Vuelven las Tardes Musicales en Casanatense, en colaboraci\u00f3n con la asociaci\u00f3n \u00abPresto con fuoco\u00bb; la primera cita de la temporada 2025\/2026 contar\u00e1 con el concierto del d\u00fao formado por Michele [&hellip;]\" \/>\n<meta property=\"og:url\" content=\"https:\/\/casanatense.cultura.gov.it\/es\/evento\/tardes-musicales-en-casanatense-entre-musica-y-poesia-concierto-para-clarinete-y-arpa\/\" \/>\n<meta property=\"og:site_name\" content=\"Casanatense\" \/>\n<meta property=\"article:publisher\" content=\"https:\/\/it-it.facebook.com\/people\/Biblioteca-Casanatense\/100064405343454\/\" \/>\n<meta name=\"twitter:card\" content=\"summary_large_image\" \/>\n<meta name=\"twitter:site\" content=\"@casanatense\" \/>\n<meta name=\"twitter:label1\" content=\"Tiempo de lectura\" \/>\n\t<meta name=\"twitter:data1\" content=\"1 minuto\" \/>\n<script type=\"application\/ld+json\" class=\"yoast-schema-graph\">{\"@context\":\"https:\\\/\\\/schema.org\",\"@graph\":[{\"@type\":\"WebPage\",\"@id\":\"https:\\\/\\\/casanatense.cultura.gov.it\\\/es\\\/evento\\\/tardes-musicales-en-casanatense-entre-musica-y-poesia-concierto-para-clarinete-y-arpa\\\/\",\"url\":\"https:\\\/\\\/casanatense.cultura.gov.it\\\/es\\\/evento\\\/tardes-musicales-en-casanatense-entre-musica-y-poesia-concierto-para-clarinete-y-arpa\\\/\",\"name\":\"TARDES MUSICALES EN CASANATENSE, ENTRE M\u00daSICA Y POES\u00cdA - CONCIERTO PARA CLARINETE Y ARPA - Casanatense\",\"isPartOf\":{\"@id\":\"https:\\\/\\\/casanatense.cultura.gov.it\\\/es\\\/#website\"},\"primaryImageOfPage\":{\"@id\":\"https:\\\/\\\/casanatense.cultura.gov.it\\\/es\\\/evento\\\/tardes-musicales-en-casanatense-entre-musica-y-poesia-concierto-para-clarinete-y-arpa\\\/#primaryimage\"},\"image\":{\"@id\":\"https:\\\/\\\/casanatense.cultura.gov.it\\\/es\\\/evento\\\/tardes-musicales-en-casanatense-entre-musica-y-poesia-concierto-para-clarinete-y-arpa\\\/#primaryimage\"},\"thumbnailUrl\":\"https:\\\/\\\/casanatense.cultura.gov.it\\\/wp-content\\\/uploads\\\/2025\\\/10\\\/Invito-Clarinetto-e-Arpa.webp\",\"datePublished\":\"2025-10-02T08:42:24+00:00\",\"breadcrumb\":{\"@id\":\"https:\\\/\\\/casanatense.cultura.gov.it\\\/es\\\/evento\\\/tardes-musicales-en-casanatense-entre-musica-y-poesia-concierto-para-clarinete-y-arpa\\\/#breadcrumb\"},\"inLanguage\":\"es\",\"potentialAction\":[{\"@type\":\"ReadAction\",\"target\":[\"https:\\\/\\\/casanatense.cultura.gov.it\\\/es\\\/evento\\\/tardes-musicales-en-casanatense-entre-musica-y-poesia-concierto-para-clarinete-y-arpa\\\/\"]}]},{\"@type\":\"ImageObject\",\"inLanguage\":\"es\",\"@id\":\"https:\\\/\\\/casanatense.cultura.gov.it\\\/es\\\/evento\\\/tardes-musicales-en-casanatense-entre-musica-y-poesia-concierto-para-clarinete-y-arpa\\\/#primaryimage\",\"url\":\"https:\\\/\\\/casanatense.cultura.gov.it\\\/wp-content\\\/uploads\\\/2025\\\/10\\\/Invito-Clarinetto-e-Arpa.webp\",\"contentUrl\":\"https:\\\/\\\/casanatense.cultura.gov.it\\\/wp-content\\\/uploads\\\/2025\\\/10\\\/Invito-Clarinetto-e-Arpa.webp\",\"width\":1770,\"height\":1179,\"caption\":\"Concerto Clarinetto e Arpa. Tra Musica e Poesia\"},{\"@type\":\"BreadcrumbList\",\"@id\":\"https:\\\/\\\/casanatense.cultura.gov.it\\\/es\\\/evento\\\/tardes-musicales-en-casanatense-entre-musica-y-poesia-concierto-para-clarinete-y-arpa\\\/#breadcrumb\",\"itemListElement\":[{\"@type\":\"ListItem\",\"position\":1,\"name\":\"Home\",\"item\":\"https:\\\/\\\/casanatense.cultura.gov.it\\\/es\\\/\"},{\"@type\":\"ListItem\",\"position\":2,\"name\":\"Eventos\",\"item\":\"https:\\\/\\\/casanatense.cultura.gov.it\\\/es\\\/eventi\\\/\"},{\"@type\":\"ListItem\",\"position\":3,\"name\":\"TARDES MUSICALES EN CASANATENSE, ENTRE M\u00daSICA Y POES\u00cdA &#8211; CONCIERTO PARA CLARINETE Y ARPA\"}]},{\"@type\":\"WebSite\",\"@id\":\"https:\\\/\\\/casanatense.cultura.gov.it\\\/es\\\/#website\",\"url\":\"https:\\\/\\\/casanatense.cultura.gov.it\\\/es\\\/\",\"name\":\"Casanatense\",\"description\":\"Il sito della Biblioteca Casanatense\",\"publisher\":{\"@id\":\"https:\\\/\\\/casanatense.cultura.gov.it\\\/es\\\/#organization\"},\"potentialAction\":[{\"@type\":\"SearchAction\",\"target\":{\"@type\":\"EntryPoint\",\"urlTemplate\":\"https:\\\/\\\/casanatense.cultura.gov.it\\\/es\\\/?s={search_term_string}\"},\"query-input\":{\"@type\":\"PropertyValueSpecification\",\"valueRequired\":true,\"valueName\":\"search_term_string\"}}],\"inLanguage\":\"es\"},{\"@type\":\"Organization\",\"@id\":\"https:\\\/\\\/casanatense.cultura.gov.it\\\/es\\\/#organization\",\"name\":\"Biblioteca Casanatense\",\"url\":\"https:\\\/\\\/casanatense.cultura.gov.it\\\/es\\\/\",\"logo\":{\"@type\":\"ImageObject\",\"inLanguage\":\"es\",\"@id\":\"https:\\\/\\\/casanatense.cultura.gov.it\\\/es\\\/#\\\/schema\\\/logo\\\/image\\\/\",\"url\":\"https:\\\/\\\/casanatense.cultura.gov.it\\\/wp-content\\\/uploads\\\/2024\\\/03\\\/logo-casanatense-mibact.png\",\"contentUrl\":\"https:\\\/\\\/casanatense.cultura.gov.it\\\/wp-content\\\/uploads\\\/2024\\\/03\\\/logo-casanatense-mibact.png\",\"width\":250,\"height\":61,\"caption\":\"Biblioteca Casanatense\"},\"image\":{\"@id\":\"https:\\\/\\\/casanatense.cultura.gov.it\\\/es\\\/#\\\/schema\\\/logo\\\/image\\\/\"},\"sameAs\":[\"https:\\\/\\\/it-it.facebook.com\\\/people\\\/Biblioteca-Casanatense\\\/100064405343454\\\/\",\"https:\\\/\\\/x.com\\\/casanatense\",\"https:\\\/\\\/instagram.com\\\/bibliotecacasanatense?igshid=5hcnozoyuuy5\"]}]}<\/script>\n<!-- \/ Yoast SEO plugin. -->","yoast_head_json":{"title":"TARDES MUSICALES EN CASANATENSE, ENTRE M\u00daSICA Y POES\u00cdA - CONCIERTO PARA CLARINETE Y ARPA - Casanatense","robots":{"index":"index","follow":"follow","max-snippet":"max-snippet:-1","max-image-preview":"max-image-preview:large","max-video-preview":"max-video-preview:-1"},"canonical":"https:\/\/casanatense.cultura.gov.it\/es\/evento\/tardes-musicales-en-casanatense-entre-musica-y-poesia-concierto-para-clarinete-y-arpa\/","og_locale":"es_ES","og_type":"article","og_title":"TARDES MUSICALES EN CASANATENSE, ENTRE M\u00daSICA Y POES\u00cdA - CONCIERTO PARA CLARINETE Y ARPA - Casanatense","og_description":"Vuelven las Tardes Musicales en Casanatense, en colaboraci\u00f3n con la asociaci\u00f3n \u00abPresto con fuoco\u00bb; la primera cita de la temporada 2025\/2026 contar\u00e1 con el concierto del d\u00fao formado por Michele [&hellip;]","og_url":"https:\/\/casanatense.cultura.gov.it\/es\/evento\/tardes-musicales-en-casanatense-entre-musica-y-poesia-concierto-para-clarinete-y-arpa\/","og_site_name":"Casanatense","article_publisher":"https:\/\/it-it.facebook.com\/people\/Biblioteca-Casanatense\/100064405343454\/","twitter_card":"summary_large_image","twitter_site":"@casanatense","twitter_misc":{"Tiempo de lectura":"1 minuto"},"schema":{"@context":"https:\/\/schema.org","@graph":[{"@type":"WebPage","@id":"https:\/\/casanatense.cultura.gov.it\/es\/evento\/tardes-musicales-en-casanatense-entre-musica-y-poesia-concierto-para-clarinete-y-arpa\/","url":"https:\/\/casanatense.cultura.gov.it\/es\/evento\/tardes-musicales-en-casanatense-entre-musica-y-poesia-concierto-para-clarinete-y-arpa\/","name":"TARDES MUSICALES EN CASANATENSE, ENTRE M\u00daSICA Y POES\u00cdA - CONCIERTO PARA CLARINETE Y ARPA - Casanatense","isPartOf":{"@id":"https:\/\/casanatense.cultura.gov.it\/es\/#website"},"primaryImageOfPage":{"@id":"https:\/\/casanatense.cultura.gov.it\/es\/evento\/tardes-musicales-en-casanatense-entre-musica-y-poesia-concierto-para-clarinete-y-arpa\/#primaryimage"},"image":{"@id":"https:\/\/casanatense.cultura.gov.it\/es\/evento\/tardes-musicales-en-casanatense-entre-musica-y-poesia-concierto-para-clarinete-y-arpa\/#primaryimage"},"thumbnailUrl":"https:\/\/casanatense.cultura.gov.it\/wp-content\/uploads\/2025\/10\/Invito-Clarinetto-e-Arpa.webp","datePublished":"2025-10-02T08:42:24+00:00","breadcrumb":{"@id":"https:\/\/casanatense.cultura.gov.it\/es\/evento\/tardes-musicales-en-casanatense-entre-musica-y-poesia-concierto-para-clarinete-y-arpa\/#breadcrumb"},"inLanguage":"es","potentialAction":[{"@type":"ReadAction","target":["https:\/\/casanatense.cultura.gov.it\/es\/evento\/tardes-musicales-en-casanatense-entre-musica-y-poesia-concierto-para-clarinete-y-arpa\/"]}]},{"@type":"ImageObject","inLanguage":"es","@id":"https:\/\/casanatense.cultura.gov.it\/es\/evento\/tardes-musicales-en-casanatense-entre-musica-y-poesia-concierto-para-clarinete-y-arpa\/#primaryimage","url":"https:\/\/casanatense.cultura.gov.it\/wp-content\/uploads\/2025\/10\/Invito-Clarinetto-e-Arpa.webp","contentUrl":"https:\/\/casanatense.cultura.gov.it\/wp-content\/uploads\/2025\/10\/Invito-Clarinetto-e-Arpa.webp","width":1770,"height":1179,"caption":"Concerto Clarinetto e Arpa. Tra Musica e Poesia"},{"@type":"BreadcrumbList","@id":"https:\/\/casanatense.cultura.gov.it\/es\/evento\/tardes-musicales-en-casanatense-entre-musica-y-poesia-concierto-para-clarinete-y-arpa\/#breadcrumb","itemListElement":[{"@type":"ListItem","position":1,"name":"Home","item":"https:\/\/casanatense.cultura.gov.it\/es\/"},{"@type":"ListItem","position":2,"name":"Eventos","item":"https:\/\/casanatense.cultura.gov.it\/es\/eventi\/"},{"@type":"ListItem","position":3,"name":"TARDES MUSICALES EN CASANATENSE, ENTRE M\u00daSICA Y POES\u00cdA &#8211; CONCIERTO PARA CLARINETE Y ARPA"}]},{"@type":"WebSite","@id":"https:\/\/casanatense.cultura.gov.it\/es\/#website","url":"https:\/\/casanatense.cultura.gov.it\/es\/","name":"Casanatense","description":"Il sito della Biblioteca Casanatense","publisher":{"@id":"https:\/\/casanatense.cultura.gov.it\/es\/#organization"},"potentialAction":[{"@type":"SearchAction","target":{"@type":"EntryPoint","urlTemplate":"https:\/\/casanatense.cultura.gov.it\/es\/?s={search_term_string}"},"query-input":{"@type":"PropertyValueSpecification","valueRequired":true,"valueName":"search_term_string"}}],"inLanguage":"es"},{"@type":"Organization","@id":"https:\/\/casanatense.cultura.gov.it\/es\/#organization","name":"Biblioteca Casanatense","url":"https:\/\/casanatense.cultura.gov.it\/es\/","logo":{"@type":"ImageObject","inLanguage":"es","@id":"https:\/\/casanatense.cultura.gov.it\/es\/#\/schema\/logo\/image\/","url":"https:\/\/casanatense.cultura.gov.it\/wp-content\/uploads\/2024\/03\/logo-casanatense-mibact.png","contentUrl":"https:\/\/casanatense.cultura.gov.it\/wp-content\/uploads\/2024\/03\/logo-casanatense-mibact.png","width":250,"height":61,"caption":"Biblioteca Casanatense"},"image":{"@id":"https:\/\/casanatense.cultura.gov.it\/es\/#\/schema\/logo\/image\/"},"sameAs":["https:\/\/it-it.facebook.com\/people\/Biblioteca-Casanatense\/100064405343454\/","https:\/\/x.com\/casanatense","https:\/\/instagram.com\/bibliotecacasanatense?igshid=5hcnozoyuuy5"]}]}},"ticketed":false,"_links":{"self":[{"href":"https:\/\/casanatense.cultura.gov.it\/es\/wp-json\/wp\/v2\/tribe_events\/263575","targetHints":{"allow":["GET"]}}],"collection":[{"href":"https:\/\/casanatense.cultura.gov.it\/es\/wp-json\/wp\/v2\/tribe_events"}],"about":[{"href":"https:\/\/casanatense.cultura.gov.it\/es\/wp-json\/wp\/v2\/types\/tribe_events"}],"author":[{"embeddable":true,"href":"https:\/\/casanatense.cultura.gov.it\/es\/wp-json\/wp\/v2\/users\/163"}],"version-history":[{"count":2,"href":"https:\/\/casanatense.cultura.gov.it\/es\/wp-json\/wp\/v2\/tribe_events\/263575\/revisions"}],"predecessor-version":[{"id":263580,"href":"https:\/\/casanatense.cultura.gov.it\/es\/wp-json\/wp\/v2\/tribe_events\/263575\/revisions\/263580"}],"wp:featuredmedia":[{"embeddable":true,"href":"https:\/\/casanatense.cultura.gov.it\/es\/wp-json\/wp\/v2\/media\/263605"}],"wp:attachment":[{"href":"https:\/\/casanatense.cultura.gov.it\/es\/wp-json\/wp\/v2\/media?parent=263575"}],"wp:term":[{"taxonomy":"post_tag","embeddable":true,"href":"https:\/\/casanatense.cultura.gov.it\/es\/wp-json\/wp\/v2\/tags?post=263575"},{"taxonomy":"tribe_events_cat","embeddable":true,"href":"https:\/\/casanatense.cultura.gov.it\/es\/wp-json\/wp\/v2\/tribe_events_cat?post=263575"}],"curies":[{"name":"wp","href":"https:\/\/api.w.org\/{rel}","templated":true}]}}