{"id":263655,"date":"2025-10-20T09:18:31","date_gmt":"2025-10-20T07:18:31","guid":{"rendered":"https:\/\/casanatense.cultura.gov.it\/?post_type=tribe_events&#038;p=263655"},"modified":"2025-10-20T09:18:32","modified_gmt":"2025-10-20T07:18:32","slug":"richard-wagner-il-cane-e-il-pappagallo","status":"publish","type":"tribe_events","link":"https:\/\/casanatense.cultura.gov.it\/es\/evento\/richard-wagner-il-cane-e-il-pappagallo\/","title":{"rendered":"Richard Wagner, il cane e il pappagallo"},"content":{"rendered":"<p>Esta biograf\u00eda de Richard Wagner propone una relectura actual y apasionada de la vida y la obra del c\u00e9lebre compositor alem\u00e1n. De ella emerge una figura compleja, llena de contradicciones, emociones intensas, \u00e9xitos y fracasos. La narraci\u00f3n, rica en giros inesperados, alterna momentos de gran generosidad con actos de profunda mezquindad. Wagner es retratado como protagonista de una historia casi cinematogr\u00e1fica, lejos de los estereotipos. El autor, Valerio Vicari, tambi\u00e9n destaca sus aspectos m\u00e1s controvertidos. El evento contar\u00e1 con la participaci\u00f3n del violonchelista Alessandro Guaitolini, que enriquecer\u00e1 el encuentro con momentos musicales en directo. El libro est\u00e1 dirigido a curiosos y apasionados de la m\u00fasica, el teatro y la historia. La entrada es gratuita y se obsequiar\u00e1 con un ejemplar del libro a los menores de 25 a\u00f1os.<\/p>\n","protected":false},"excerpt":{"rendered":"<p>Esta biograf\u00eda de Richard Wagner propone una relectura actual y apasionada de la vida y la obra del c\u00e9lebre compositor alem\u00e1n. De ella emerge una figura compleja, llena de contradicciones, [&hellip;]<\/p>\n","protected":false},"author":160,"featured_media":263650,"template":"","meta":{"_et_pb_use_builder":"","_et_pb_old_content":"","_et_gb_content_width":"","_price":"","_stock":"","_tribe_ticket_header":"","_tribe_default_ticket_provider":"","_tribe_ticket_capacity":"0","_ticket_start_date":"","_ticket_end_date":"","_tribe_ticket_show_description":"","_tribe_ticket_show_not_going":false,"_tribe_ticket_use_global_stock":"","_tribe_ticket_global_stock_level":"","_global_stock_mode":"","_global_stock_cap":"","_tribe_rsvp_for_event":"","_tribe_ticket_going_count":"","_tribe_ticket_not_going_count":"","_tribe_tickets_list":"[]","_tribe_ticket_has_attendee_info_fields":false,"_tribe_events_status":"","_tribe_events_status_reason":"","footnotes":"","_tec_slr_enabled":"","_tec_slr_layout":""},"tags":[],"tribe_events_cat":[164],"class_list":["post-263655","tribe_events","type-tribe_events","status-publish","has-post-thumbnail","hentry","tribe_events_cat-evento-publico","cat_evento-publico"],"yoast_head":"<!-- This site is optimized with the Yoast SEO plugin v27.4 - https:\/\/yoast.com\/product\/yoast-seo-wordpress\/ -->\n<title>Richard Wagner, il cane e il pappagallo - Casanatense<\/title>\n<meta name=\"robots\" content=\"index, follow, max-snippet:-1, max-image-preview:large, max-video-preview:-1\" \/>\n<link rel=\"canonical\" href=\"https:\/\/casanatense.cultura.gov.it\/es\/evento\/richard-wagner-il-cane-e-il-pappagallo\/\" \/>\n<meta property=\"og:locale\" content=\"es_ES\" \/>\n<meta property=\"og:type\" content=\"article\" \/>\n<meta property=\"og:title\" content=\"Richard Wagner, il cane e il pappagallo - Casanatense\" \/>\n<meta property=\"og:description\" content=\"Esta biograf\u00eda de Richard Wagner propone una relectura actual y apasionada de la vida y la obra del c\u00e9lebre compositor alem\u00e1n. De ella emerge una figura compleja, llena de contradicciones, [&hellip;]\" \/>\n<meta property=\"og:url\" content=\"https:\/\/casanatense.cultura.gov.it\/es\/evento\/richard-wagner-il-cane-e-il-pappagallo\/\" \/>\n<meta property=\"og:site_name\" content=\"Casanatense\" \/>\n<meta property=\"article:publisher\" content=\"https:\/\/it-it.facebook.com\/people\/Biblioteca-Casanatense\/100064405343454\/\" \/>\n<meta property=\"article:modified_time\" content=\"2025-10-20T07:18:32+00:00\" \/>\n<meta property=\"og:image\" content=\"https:\/\/casanatense.cultura.gov.it\/wp-content\/uploads\/2025\/10\/Locandina-Wagner-2025.jpg\" \/>\n\t<meta property=\"og:image:width\" content=\"1137\" \/>\n\t<meta property=\"og:image:height\" content=\"1600\" \/>\n\t<meta property=\"og:image:type\" content=\"image\/jpeg\" \/>\n<meta name=\"twitter:card\" content=\"summary_large_image\" \/>\n<meta name=\"twitter:site\" content=\"@casanatense\" \/>\n<meta name=\"twitter:label1\" content=\"Tiempo de lectura\" \/>\n\t<meta name=\"twitter:data1\" content=\"1 minuto\" \/>\n<script type=\"application\/ld+json\" class=\"yoast-schema-graph\">{\"@context\":\"https:\\\/\\\/schema.org\",\"@graph\":[{\"@type\":\"WebPage\",\"@id\":\"https:\\\/\\\/casanatense.cultura.gov.it\\\/es\\\/evento\\\/richard-wagner-il-cane-e-il-pappagallo\\\/\",\"url\":\"https:\\\/\\\/casanatense.cultura.gov.it\\\/es\\\/evento\\\/richard-wagner-il-cane-e-il-pappagallo\\\/\",\"name\":\"Richard Wagner, il cane e il pappagallo - Casanatense\",\"isPartOf\":{\"@id\":\"https:\\\/\\\/casanatense.cultura.gov.it\\\/es\\\/#website\"},\"primaryImageOfPage\":{\"@id\":\"https:\\\/\\\/casanatense.cultura.gov.it\\\/es\\\/evento\\\/richard-wagner-il-cane-e-il-pappagallo\\\/#primaryimage\"},\"image\":{\"@id\":\"https:\\\/\\\/casanatense.cultura.gov.it\\\/es\\\/evento\\\/richard-wagner-il-cane-e-il-pappagallo\\\/#primaryimage\"},\"thumbnailUrl\":\"https:\\\/\\\/casanatense.cultura.gov.it\\\/wp-content\\\/uploads\\\/2025\\\/10\\\/Locandina-Wagner-2025.jpg\",\"datePublished\":\"2025-10-20T07:18:31+00:00\",\"dateModified\":\"2025-10-20T07:18:32+00:00\",\"breadcrumb\":{\"@id\":\"https:\\\/\\\/casanatense.cultura.gov.it\\\/es\\\/evento\\\/richard-wagner-il-cane-e-il-pappagallo\\\/#breadcrumb\"},\"inLanguage\":\"es\",\"potentialAction\":[{\"@type\":\"ReadAction\",\"target\":[\"https:\\\/\\\/casanatense.cultura.gov.it\\\/es\\\/evento\\\/richard-wagner-il-cane-e-il-pappagallo\\\/\"]}]},{\"@type\":\"ImageObject\",\"inLanguage\":\"es\",\"@id\":\"https:\\\/\\\/casanatense.cultura.gov.it\\\/es\\\/evento\\\/richard-wagner-il-cane-e-il-pappagallo\\\/#primaryimage\",\"url\":\"https:\\\/\\\/casanatense.cultura.gov.it\\\/wp-content\\\/uploads\\\/2025\\\/10\\\/Locandina-Wagner-2025.jpg\",\"contentUrl\":\"https:\\\/\\\/casanatense.cultura.gov.it\\\/wp-content\\\/uploads\\\/2025\\\/10\\\/Locandina-Wagner-2025.jpg\",\"width\":1137,\"height\":1600},{\"@type\":\"BreadcrumbList\",\"@id\":\"https:\\\/\\\/casanatense.cultura.gov.it\\\/es\\\/evento\\\/richard-wagner-il-cane-e-il-pappagallo\\\/#breadcrumb\",\"itemListElement\":[{\"@type\":\"ListItem\",\"position\":1,\"name\":\"Home\",\"item\":\"https:\\\/\\\/casanatense.cultura.gov.it\\\/es\\\/\"},{\"@type\":\"ListItem\",\"position\":2,\"name\":\"Eventos\",\"item\":\"https:\\\/\\\/casanatense.cultura.gov.it\\\/es\\\/eventi\\\/\"},{\"@type\":\"ListItem\",\"position\":3,\"name\":\"Richard Wagner, il cane e il pappagallo\"}]},{\"@type\":\"WebSite\",\"@id\":\"https:\\\/\\\/casanatense.cultura.gov.it\\\/es\\\/#website\",\"url\":\"https:\\\/\\\/casanatense.cultura.gov.it\\\/es\\\/\",\"name\":\"Casanatense\",\"description\":\"Il sito della Biblioteca Casanatense\",\"publisher\":{\"@id\":\"https:\\\/\\\/casanatense.cultura.gov.it\\\/es\\\/#organization\"},\"potentialAction\":[{\"@type\":\"SearchAction\",\"target\":{\"@type\":\"EntryPoint\",\"urlTemplate\":\"https:\\\/\\\/casanatense.cultura.gov.it\\\/es\\\/?s={search_term_string}\"},\"query-input\":{\"@type\":\"PropertyValueSpecification\",\"valueRequired\":true,\"valueName\":\"search_term_string\"}}],\"inLanguage\":\"es\"},{\"@type\":\"Organization\",\"@id\":\"https:\\\/\\\/casanatense.cultura.gov.it\\\/es\\\/#organization\",\"name\":\"Biblioteca Casanatense\",\"url\":\"https:\\\/\\\/casanatense.cultura.gov.it\\\/es\\\/\",\"logo\":{\"@type\":\"ImageObject\",\"inLanguage\":\"es\",\"@id\":\"https:\\\/\\\/casanatense.cultura.gov.it\\\/es\\\/#\\\/schema\\\/logo\\\/image\\\/\",\"url\":\"https:\\\/\\\/casanatense.cultura.gov.it\\\/wp-content\\\/uploads\\\/2024\\\/03\\\/logo-casanatense-mibact.png\",\"contentUrl\":\"https:\\\/\\\/casanatense.cultura.gov.it\\\/wp-content\\\/uploads\\\/2024\\\/03\\\/logo-casanatense-mibact.png\",\"width\":250,\"height\":61,\"caption\":\"Biblioteca Casanatense\"},\"image\":{\"@id\":\"https:\\\/\\\/casanatense.cultura.gov.it\\\/es\\\/#\\\/schema\\\/logo\\\/image\\\/\"},\"sameAs\":[\"https:\\\/\\\/it-it.facebook.com\\\/people\\\/Biblioteca-Casanatense\\\/100064405343454\\\/\",\"https:\\\/\\\/x.com\\\/casanatense\",\"https:\\\/\\\/instagram.com\\\/bibliotecacasanatense?igshid=5hcnozoyuuy5\"]}]}<\/script>\n<!-- \/ Yoast SEO plugin. -->","yoast_head_json":{"title":"Richard Wagner, il cane e il pappagallo - Casanatense","robots":{"index":"index","follow":"follow","max-snippet":"max-snippet:-1","max-image-preview":"max-image-preview:large","max-video-preview":"max-video-preview:-1"},"canonical":"https:\/\/casanatense.cultura.gov.it\/es\/evento\/richard-wagner-il-cane-e-il-pappagallo\/","og_locale":"es_ES","og_type":"article","og_title":"Richard Wagner, il cane e il pappagallo - Casanatense","og_description":"Esta biograf\u00eda de Richard Wagner propone una relectura actual y apasionada de la vida y la obra del c\u00e9lebre compositor alem\u00e1n. De ella emerge una figura compleja, llena de contradicciones, [&hellip;]","og_url":"https:\/\/casanatense.cultura.gov.it\/es\/evento\/richard-wagner-il-cane-e-il-pappagallo\/","og_site_name":"Casanatense","article_publisher":"https:\/\/it-it.facebook.com\/people\/Biblioteca-Casanatense\/100064405343454\/","article_modified_time":"2025-10-20T07:18:32+00:00","og_image":[{"width":1137,"height":1600,"url":"https:\/\/casanatense.cultura.gov.it\/wp-content\/uploads\/2025\/10\/Locandina-Wagner-2025.jpg","type":"image\/jpeg"}],"twitter_card":"summary_large_image","twitter_site":"@casanatense","twitter_misc":{"Tiempo de lectura":"1 minuto"},"schema":{"@context":"https:\/\/schema.org","@graph":[{"@type":"WebPage","@id":"https:\/\/casanatense.cultura.gov.it\/es\/evento\/richard-wagner-il-cane-e-il-pappagallo\/","url":"https:\/\/casanatense.cultura.gov.it\/es\/evento\/richard-wagner-il-cane-e-il-pappagallo\/","name":"Richard Wagner, il cane e il pappagallo - Casanatense","isPartOf":{"@id":"https:\/\/casanatense.cultura.gov.it\/es\/#website"},"primaryImageOfPage":{"@id":"https:\/\/casanatense.cultura.gov.it\/es\/evento\/richard-wagner-il-cane-e-il-pappagallo\/#primaryimage"},"image":{"@id":"https:\/\/casanatense.cultura.gov.it\/es\/evento\/richard-wagner-il-cane-e-il-pappagallo\/#primaryimage"},"thumbnailUrl":"https:\/\/casanatense.cultura.gov.it\/wp-content\/uploads\/2025\/10\/Locandina-Wagner-2025.jpg","datePublished":"2025-10-20T07:18:31+00:00","dateModified":"2025-10-20T07:18:32+00:00","breadcrumb":{"@id":"https:\/\/casanatense.cultura.gov.it\/es\/evento\/richard-wagner-il-cane-e-il-pappagallo\/#breadcrumb"},"inLanguage":"es","potentialAction":[{"@type":"ReadAction","target":["https:\/\/casanatense.cultura.gov.it\/es\/evento\/richard-wagner-il-cane-e-il-pappagallo\/"]}]},{"@type":"ImageObject","inLanguage":"es","@id":"https:\/\/casanatense.cultura.gov.it\/es\/evento\/richard-wagner-il-cane-e-il-pappagallo\/#primaryimage","url":"https:\/\/casanatense.cultura.gov.it\/wp-content\/uploads\/2025\/10\/Locandina-Wagner-2025.jpg","contentUrl":"https:\/\/casanatense.cultura.gov.it\/wp-content\/uploads\/2025\/10\/Locandina-Wagner-2025.jpg","width":1137,"height":1600},{"@type":"BreadcrumbList","@id":"https:\/\/casanatense.cultura.gov.it\/es\/evento\/richard-wagner-il-cane-e-il-pappagallo\/#breadcrumb","itemListElement":[{"@type":"ListItem","position":1,"name":"Home","item":"https:\/\/casanatense.cultura.gov.it\/es\/"},{"@type":"ListItem","position":2,"name":"Eventos","item":"https:\/\/casanatense.cultura.gov.it\/es\/eventi\/"},{"@type":"ListItem","position":3,"name":"Richard Wagner, il cane e il pappagallo"}]},{"@type":"WebSite","@id":"https:\/\/casanatense.cultura.gov.it\/es\/#website","url":"https:\/\/casanatense.cultura.gov.it\/es\/","name":"Casanatense","description":"Il sito della Biblioteca Casanatense","publisher":{"@id":"https:\/\/casanatense.cultura.gov.it\/es\/#organization"},"potentialAction":[{"@type":"SearchAction","target":{"@type":"EntryPoint","urlTemplate":"https:\/\/casanatense.cultura.gov.it\/es\/?s={search_term_string}"},"query-input":{"@type":"PropertyValueSpecification","valueRequired":true,"valueName":"search_term_string"}}],"inLanguage":"es"},{"@type":"Organization","@id":"https:\/\/casanatense.cultura.gov.it\/es\/#organization","name":"Biblioteca Casanatense","url":"https:\/\/casanatense.cultura.gov.it\/es\/","logo":{"@type":"ImageObject","inLanguage":"es","@id":"https:\/\/casanatense.cultura.gov.it\/es\/#\/schema\/logo\/image\/","url":"https:\/\/casanatense.cultura.gov.it\/wp-content\/uploads\/2024\/03\/logo-casanatense-mibact.png","contentUrl":"https:\/\/casanatense.cultura.gov.it\/wp-content\/uploads\/2024\/03\/logo-casanatense-mibact.png","width":250,"height":61,"caption":"Biblioteca Casanatense"},"image":{"@id":"https:\/\/casanatense.cultura.gov.it\/es\/#\/schema\/logo\/image\/"},"sameAs":["https:\/\/it-it.facebook.com\/people\/Biblioteca-Casanatense\/100064405343454\/","https:\/\/x.com\/casanatense","https:\/\/instagram.com\/bibliotecacasanatense?igshid=5hcnozoyuuy5"]}]}},"ticketed":false,"_links":{"self":[{"href":"https:\/\/casanatense.cultura.gov.it\/es\/wp-json\/wp\/v2\/tribe_events\/263655","targetHints":{"allow":["GET"]}}],"collection":[{"href":"https:\/\/casanatense.cultura.gov.it\/es\/wp-json\/wp\/v2\/tribe_events"}],"about":[{"href":"https:\/\/casanatense.cultura.gov.it\/es\/wp-json\/wp\/v2\/types\/tribe_events"}],"author":[{"embeddable":true,"href":"https:\/\/casanatense.cultura.gov.it\/es\/wp-json\/wp\/v2\/users\/160"}],"version-history":[{"count":1,"href":"https:\/\/casanatense.cultura.gov.it\/es\/wp-json\/wp\/v2\/tribe_events\/263655\/revisions"}],"predecessor-version":[{"id":263657,"href":"https:\/\/casanatense.cultura.gov.it\/es\/wp-json\/wp\/v2\/tribe_events\/263655\/revisions\/263657"}],"wp:featuredmedia":[{"embeddable":true,"href":"https:\/\/casanatense.cultura.gov.it\/es\/wp-json\/wp\/v2\/media\/263650"}],"wp:attachment":[{"href":"https:\/\/casanatense.cultura.gov.it\/es\/wp-json\/wp\/v2\/media?parent=263655"}],"wp:term":[{"taxonomy":"post_tag","embeddable":true,"href":"https:\/\/casanatense.cultura.gov.it\/es\/wp-json\/wp\/v2\/tags?post=263655"},{"taxonomy":"tribe_events_cat","embeddable":true,"href":"https:\/\/casanatense.cultura.gov.it\/es\/wp-json\/wp\/v2\/tribe_events_cat?post=263655"}],"curies":[{"name":"wp","href":"https:\/\/api.w.org\/{rel}","templated":true}]}}